{"id":1586,"date":"2017-07-06T11:39:26","date_gmt":"2017-07-06T11:39:26","guid":{"rendered":"http:\/\/www.camposaltos.mg.gov.br\/portal\/wp-content\/uploads\/2017\/07\/Prefeito-Paulo-Almeida-e-ex-vereador-Andr\u00e9-do-Laborat\u00f3rio-em-reuni\u00e3o-com-o-Dep.-Federal-Marcos-Montes.jpg"},"modified":"2017-07-06T11:39:26","modified_gmt":"2017-07-06T11:39:26","slug":"prefeito-paulo-almeida-e-ex-vereador-andre-do-laboratorio-em-reuniao-com-o-dep-federal-marcos-montes","status":"inherit","type":"attachment","link":"http:\/\/www.camposaltos.mg.gov.br\/portal\/prefeito-paulo-almeida-e-ex-vereador-andre-do-laboratorio-em-reuniao-com-o-dep-federal-marcos-montes\/","title":{"rendered":"Prefeito Paulo Almeida e ex-vereador Andr\u00e9 do Laborat\u00f3rio em reuni\u00e3o com o Dep. Federal Marcos Montes"},"author":1,"featured_media":0,"comment_status":"open","ping_status":"closed","template":"","meta":{"tdm_status":"","tdm_grid_status":""},"media_folder":[],"class_list":["post-1586","attachment","type-attachment","status-inherit"],"description":{"rendered":"<p class=\"attachment\"><a href='http:\/\/www.camposaltos.mg.gov.br\/portal\/wp-content\/uploads\/2017\/07\/Prefeito-Paulo-Almeida-e-ex-vereador-Andr\u00e9-do-Laborat\u00f3rio-em-reuni\u00e3o-com-o-Dep.-Federal-Marcos-Montes-scaled.jpg'><img loading=\"lazy\" decoding=\"async\" width=\"300\" height=\"169\" src=\"http:\/\/www.camposaltos.mg.gov.br\/portal\/wp-content\/uploads\/2017\/07\/Prefeito-Paulo-Almeida-e-ex-vereador-Andr\u00e9-do-Laborat\u00f3rio-em-reuni\u00e3o-com-o-Dep.-Federal-Marcos-Montes-300x169.jpg\" class=\"attachment-medium size-medium\" alt=\"\" srcset=\"http:\/\/www.camposaltos.mg.gov.br\/portal\/wp-content\/uploads\/2017\/07\/Prefeito-Paulo-Almeida-e-ex-vereador-Andr\u00e9-do-Laborat\u00f3rio-em-reuni\u00e3o-com-o-Dep.-Federal-Marcos-Montes-300x169.jpg 300w, http:\/\/www.camposaltos.mg.gov.br\/portal\/wp-content\/uploads\/2017\/07\/Prefeito-Paulo-Almeida-e-ex-vereador-Andr\u00e9-do-Laborat\u00f3rio-em-reuni\u00e3o-com-o-Dep.-Federal-Marcos-Montes-1024x576.jpg 1024w, http:\/\/www.camposaltos.mg.gov.br\/portal\/wp-content\/uploads\/2017\/07\/Prefeito-Paulo-Almeida-e-ex-vereador-Andr\u00e9-do-Laborat\u00f3rio-em-reuni\u00e3o-com-o-Dep.-Federal-Marcos-Montes-768x432.jpg 768w, http:\/\/www.camposaltos.mg.gov.br\/portal\/wp-content\/uploads\/2017\/07\/Prefeito-Paulo-Almeida-e-ex-vereador-Andr\u00e9-do-Laborat\u00f3rio-em-reuni\u00e3o-com-o-Dep.-Federal-Marcos-Montes-1536x864.jpg 1536w, http:\/\/www.camposaltos.mg.gov.br\/portal\/wp-content\/uploads\/2017\/07\/Prefeito-Paulo-Almeida-e-ex-vereador-Andr\u00e9-do-Laborat\u00f3rio-em-reuni\u00e3o-com-o-Dep.-Federal-Marcos-Montes-2048x1152.jpg 2048w, http:\/\/www.camposaltos.mg.gov.br\/portal\/wp-content\/uploads\/2017\/07\/Prefeito-Paulo-Almeida-e-ex-vereador-Andr\u00e9-do-Laborat\u00f3rio-em-reuni\u00e3o-com-o-Dep.-Federal-Marcos-Montes-696x392.jpg 696w, http:\/\/www.camposaltos.mg.gov.br\/portal\/wp-content\/uploads\/2017\/07\/Prefeito-Paulo-Almeida-e-ex-vereador-Andr\u00e9-do-Laborat\u00f3rio-em-reuni\u00e3o-com-o-Dep.-Federal-Marcos-Montes-1068x601.jpg 1068w, http:\/\/www.camposaltos.mg.gov.br\/portal\/wp-content\/uploads\/2017\/07\/Prefeito-Paulo-Almeida-e-ex-vereador-Andr\u00e9-do-Laborat\u00f3rio-em-reuni\u00e3o-com-o-Dep.-Federal-Marcos-Montes-747x420.jpg 747w\" sizes=\"auto, (max-width: 300px) 100vw, 300px\" \/><\/a><\/p>\n"},"caption":{"rendered":"<p><\/p>"},"alt_text":"","media_type":"image","mime_type":"image\/jpeg","media_details":{"width":2560,"height":1440,"file":"2017\/07\/Prefeito-Paulo-Almeida-e-ex-vereador-Andr\u00e9-do-Laborat\u00f3rio-em-reuni\u00e3o-com-o-Dep.-Federal-Marcos-Montes-scaled.jpg","sizes":{"medium":{"file":"Prefeito-Paulo-Almeida-e-ex-vereador-Andr\u00e9-do-Laborat\u00f3rio-em-reuni\u00e3o-com-o-Dep.-Federal-Marcos-Montes-300x169.jpg","width":300,"height":169,"mime_type":"image\/jpeg","source_url":"http:\/\/www.camposaltos.mg.gov.br\/portal\/wp-content\/uploads\/2017\/07\/Prefeito-Paulo-Almeida-e-ex-vereador-Andr\u00e9-do-Laborat\u00f3rio-em-reuni\u00e3o-com-o-Dep.-Federal-Marcos-Montes-300x169.jpg"},"large":{"file":"Prefeito-Paulo-Almeida-e-ex-vereador-Andr\u00e9-do-Laborat\u00f3rio-em-reuni\u00e3o-com-o-Dep.-Federal-Marcos-Montes-1024x576.jpg","width":1024,"height":576,"mime_type":"image\/jpeg","source_url":"http:\/\/www.camposaltos.mg.gov.br\/portal\/wp-content\/uploads\/2017\/07\/Prefeito-Paulo-Almeida-e-ex-vereador-Andr\u00e9-do-Laborat\u00f3rio-em-reuni\u00e3o-com-o-Dep.-Federal-Marcos-Montes-1024x576.jpg"},"thumbnail":{"file":"Prefeito-Paulo-Almeida-e-ex-vereador-Andr\u00e9-do-Laborat\u00f3rio-em-reuni\u00e3o-com-o-Dep.-Federal-Marcos-Montes-150x150.jpg","width":150,"height":150,"mime_type":"image\/jpeg","source_url":"http:\/\/www.camposaltos.mg.gov.br\/portal\/wp-content\/uploads\/2017\/07\/Prefeito-Paulo-Almeida-e-ex-vereador-Andr\u00e9-do-Laborat\u00f3rio-em-reuni\u00e3o-com-o-Dep.-Federal-Marcos-Montes-150x150.jpg"},"medium_large":{"file":"Prefeito-Paulo-Almeida-e-ex-vereador-Andr\u00e9-do-Laborat\u00f3rio-em-reuni\u00e3o-com-o-Dep.-Federal-Marcos-Montes-768x432.jpg","width":768,"height":432,"mime_type":"image\/jpeg","source_url":"http:\/\/www.camposaltos.mg.gov.br\/portal\/wp-content\/uploads\/2017\/07\/Prefeito-Paulo-Almeida-e-ex-vereador-Andr\u00e9-do-Laborat\u00f3rio-em-reuni\u00e3o-com-o-Dep.-Federal-Marcos-Montes-768x432.jpg"},"1536x1536":{"file":"Prefeito-Paulo-Almeida-e-ex-vereador-Andr\u00e9-do-Laborat\u00f3rio-em-reuni\u00e3o-com-o-Dep.-Federal-Marcos-Montes-1536x864.jpg","width":1536,"height":864,"mime_type":"image\/jpeg","source_url":"http:\/\/www.camposaltos.mg.gov.br\/portal\/wp-content\/uploads\/2017\/07\/Prefeito-Paulo-Almeida-e-ex-vereador-Andr\u00e9-do-Laborat\u00f3rio-em-reuni\u00e3o-com-o-Dep.-Federal-Marcos-Montes-1536x864.jpg"},"2048x2048":{"file":"Prefeito-Paulo-Almeida-e-ex-vereador-Andr\u00e9-do-Laborat\u00f3rio-em-reuni\u00e3o-com-o-Dep.-Federal-Marcos-Montes-2048x1152.jpg","width":2048,"height":1152,"mime_type":"image\/jpeg","source_url":"http:\/\/www.camposaltos.mg.gov.br\/portal\/wp-content\/uploads\/2017\/07\/Prefeito-Paulo-Almeida-e-ex-vereador-Andr\u00e9-do-Laborat\u00f3rio-em-reuni\u00e3o-com-o-Dep.-Federal-Marcos-Montes-2048x1152.jpg"},"td_80x60":{"file":"Prefeito-Paulo-Almeida-e-ex-vereador-Andr\u00e9-do-Laborat\u00f3rio-em-reuni\u00e3o-com-o-Dep.-Federal-Marcos-Montes-80x60.jpg","width":80,"height":60,"mime_type":"image\/jpeg","source_url":"http:\/\/www.camposaltos.mg.gov.br\/portal\/wp-content\/uploads\/2017\/07\/Prefeito-Paulo-Almeida-e-ex-vereador-Andr\u00e9-do-Laborat\u00f3rio-em-reuni\u00e3o-com-o-Dep.-Federal-Marcos-Montes-80x60.jpg"},"td_100x70":{"file":"Prefeito-Paulo-Almeida-e-ex-vereador-Andr\u00e9-do-Laborat\u00f3rio-em-reuni\u00e3o-com-o-Dep.-Federal-Marcos-Montes-100x70.jpg","width":100,"height":70,"mime_type":"image\/jpeg","source_url":"http:\/\/www.camposaltos.mg.gov.br\/portal\/wp-content\/uploads\/2017\/07\/Prefeito-Paulo-Almeida-e-ex-vereador-Andr\u00e9-do-Laborat\u00f3rio-em-reuni\u00e3o-com-o-Dep.-Federal-Marcos-Montes-100x70.jpg"},"td_218x150":{"file":"Prefeito-Paulo-Almeida-e-ex-vereador-Andr\u00e9-do-Laborat\u00f3rio-em-reuni\u00e3o-com-o-Dep.-Federal-Marcos-Montes-218x150.jpg","width":218,"height":150,"mime_type":"image\/jpeg","source_url":"http:\/\/www.camposaltos.mg.gov.br\/portal\/wp-content\/uploads\/2017\/07\/Prefeito-Paulo-Almeida-e-ex-vereador-Andr\u00e9-do-Laborat\u00f3rio-em-reuni\u00e3o-com-o-Dep.-Federal-Marcos-Montes-218x150.jpg"},"td_265x198":{"file":"Prefeito-Paulo-Almeida-e-ex-vereador-Andr\u00e9-do-Laborat\u00f3rio-em-reuni\u00e3o-com-o-Dep.-Federal-Marcos-Montes-265x198.jpg","width":265,"height":198,"mime_type":"image\/jpeg","source_url":"http:\/\/www.camposaltos.mg.gov.br\/portal\/wp-content\/uploads\/2017\/07\/Prefeito-Paulo-Almeida-e-ex-vereador-Andr\u00e9-do-Laborat\u00f3rio-em-reuni\u00e3o-com-o-Dep.-Federal-Marcos-Montes-265x198.jpg"},"td_324x160":{"file":"Prefeito-Paulo-Almeida-e-ex-vereador-Andr\u00e9-do-Laborat\u00f3rio-em-reuni\u00e3o-com-o-Dep.-Federal-Marcos-Montes-324x160.jpg","width":324,"height":160,"mime_type":"image\/jpeg","source_url":"http:\/\/www.camposaltos.mg.gov.br\/portal\/wp-content\/uploads\/2017\/07\/Prefeito-Paulo-Almeida-e-ex-vereador-Andr\u00e9-do-Laborat\u00f3rio-em-reuni\u00e3o-com-o-Dep.-Federal-Marcos-Montes-324x160.jpg"},"td_324x235":{"file":"Prefeito-Paulo-Almeida-e-ex-vereador-Andr\u00e9-do-Laborat\u00f3rio-em-reuni\u00e3o-com-o-Dep.-Federal-Marcos-Montes-324x235.jpg","width":324,"height":235,"mime_type":"image\/jpeg","source_url":"http:\/\/www.camposaltos.mg.gov.br\/portal\/wp-content\/uploads\/2017\/07\/Prefeito-Paulo-Almeida-e-ex-vereador-Andr\u00e9-do-Laborat\u00f3rio-em-reuni\u00e3o-com-o-Dep.-Federal-Marcos-Montes-324x235.jpg"},"td_324x400":{"file":"Prefeito-Paulo-Almeida-e-ex-vereador-Andr\u00e9-do-Laborat\u00f3rio-em-reuni\u00e3o-com-o-Dep.-Federal-Marcos-Montes-324x400.jpg","width":324,"height":400,"mime_type":"image\/jpeg","source_url":"http:\/\/www.camposaltos.mg.gov.br\/portal\/wp-content\/uploads\/2017\/07\/Prefeito-Paulo-Almeida-e-ex-vereador-Andr\u00e9-do-Laborat\u00f3rio-em-reuni\u00e3o-com-o-Dep.-Federal-Marcos-Montes-324x400.jpg"},"td_356x220":{"file":"Prefeito-Paulo-Almeida-e-ex-vereador-Andr\u00e9-do-Laborat\u00f3rio-em-reuni\u00e3o-com-o-Dep.-Federal-Marcos-Montes-356x220.jpg","width":356,"height":220,"mime_type":"image\/jpeg","source_url":"http:\/\/www.camposaltos.mg.gov.br\/portal\/wp-content\/uploads\/2017\/07\/Prefeito-Paulo-Almeida-e-ex-vereador-Andr\u00e9-do-Laborat\u00f3rio-em-reuni\u00e3o-com-o-Dep.-Federal-Marcos-Montes-356x220.jpg"},"td_356x364":{"file":"Prefeito-Paulo-Almeida-e-ex-vereador-Andr\u00e9-do-Laborat\u00f3rio-em-reuni\u00e3o-com-o-Dep.-Federal-Marcos-Montes-356x364.jpg","width":356,"height":364,"mime_type":"image\/jpeg","source_url":"http:\/\/www.camposaltos.mg.gov.br\/portal\/wp-content\/uploads\/2017\/07\/Prefeito-Paulo-Almeida-e-ex-vereador-Andr\u00e9-do-Laborat\u00f3rio-em-reuni\u00e3o-com-o-Dep.-Federal-Marcos-Montes-356x364.jpg"},"td_533x261":{"file":"Prefeito-Paulo-Almeida-e-ex-vereador-Andr\u00e9-do-Laborat\u00f3rio-em-reuni\u00e3o-com-o-Dep.-Federal-Marcos-Montes-533x261.jpg","width":533,"height":261,"mime_type":"image\/jpeg","source_url":"http:\/\/www.camposaltos.mg.gov.br\/portal\/wp-content\/uploads\/2017\/07\/Prefeito-Paulo-Almeida-e-ex-vereador-Andr\u00e9-do-Laborat\u00f3rio-em-reuni\u00e3o-com-o-Dep.-Federal-Marcos-Montes-533x261.jpg"},"td_534x462":{"file":"Prefeito-Paulo-Almeida-e-ex-vereador-Andr\u00e9-do-Laborat\u00f3rio-em-reuni\u00e3o-com-o-Dep.-Federal-Marcos-Montes-534x462.jpg","width":534,"height":462,"mime_type":"image\/jpeg","source_url":"http:\/\/www.camposaltos.mg.gov.br\/portal\/wp-content\/uploads\/2017\/07\/Prefeito-Paulo-Almeida-e-ex-vereador-Andr\u00e9-do-Laborat\u00f3rio-em-reuni\u00e3o-com-o-Dep.-Federal-Marcos-Montes-534x462.jpg"},"td_696x0":{"file":"Prefeito-Paulo-Almeida-e-ex-vereador-Andr\u00e9-do-Laborat\u00f3rio-em-reuni\u00e3o-com-o-Dep.-Federal-Marcos-Montes-696x392.jpg","width":696,"height":392,"mime_type":"image\/jpeg","source_url":"http:\/\/www.camposaltos.mg.gov.br\/portal\/wp-content\/uploads\/2017\/07\/Prefeito-Paulo-Almeida-e-ex-vereador-Andr\u00e9-do-Laborat\u00f3rio-em-reuni\u00e3o-com-o-Dep.-Federal-Marcos-Montes-696x392.jpg"},"td_696x385":{"file":"Prefeito-Paulo-Almeida-e-ex-vereador-Andr\u00e9-do-Laborat\u00f3rio-em-reuni\u00e3o-com-o-Dep.-Federal-Marcos-Montes-696x385.jpg","width":696,"height":385,"mime_type":"image\/jpeg","source_url":"http:\/\/www.camposaltos.mg.gov.br\/portal\/wp-content\/uploads\/2017\/07\/Prefeito-Paulo-Almeida-e-ex-vereador-Andr\u00e9-do-Laborat\u00f3rio-em-reuni\u00e3o-com-o-Dep.-Federal-Marcos-Montes-696x385.jpg"},"td_741x486":{"file":"Prefeito-Paulo-Almeida-e-ex-vereador-Andr\u00e9-do-Laborat\u00f3rio-em-reuni\u00e3o-com-o-Dep.-Federal-Marcos-Montes-741x486.jpg","width":741,"height":486,"mime_type":"image\/jpeg","source_url":"http:\/\/www.camposaltos.mg.gov.br\/portal\/wp-content\/uploads\/2017\/07\/Prefeito-Paulo-Almeida-e-ex-vereador-Andr\u00e9-do-Laborat\u00f3rio-em-reuni\u00e3o-com-o-Dep.-Federal-Marcos-Montes-741x486.jpg"},"td_1068x580":{"file":"Prefeito-Paulo-Almeida-e-ex-vereador-Andr\u00e9-do-Laborat\u00f3rio-em-reuni\u00e3o-com-o-Dep.-Federal-Marcos-Montes-1068x580.jpg","width":1068,"height":580,"mime_type":"image\/jpeg","source_url":"http:\/\/www.camposaltos.mg.gov.br\/portal\/wp-content\/uploads\/2017\/07\/Prefeito-Paulo-Almeida-e-ex-vereador-Andr\u00e9-do-Laborat\u00f3rio-em-reuni\u00e3o-com-o-Dep.-Federal-Marcos-Montes-1068x580.jpg"},"td_1068x0":{"file":"Prefeito-Paulo-Almeida-e-ex-vereador-Andr\u00e9-do-Laborat\u00f3rio-em-reuni\u00e3o-com-o-Dep.-Federal-Marcos-Montes-1068x601.jpg","width":1068,"height":601,"mime_type":"image\/jpeg","source_url":"http:\/\/www.camposaltos.mg.gov.br\/portal\/wp-content\/uploads\/2017\/07\/Prefeito-Paulo-Almeida-e-ex-vereador-Andr\u00e9-do-Laborat\u00f3rio-em-reuni\u00e3o-com-o-Dep.-Federal-Marcos-Montes-1068x601.jpg"},"td_0x420":{"file":"Prefeito-Paulo-Almeida-e-ex-vereador-Andr\u00e9-do-Laborat\u00f3rio-em-reuni\u00e3o-com-o-Dep.-Federal-Marcos-Montes-747x420.jpg","width":747,"height":420,"mime_type":"image\/jpeg","source_url":"http:\/\/www.camposaltos.mg.gov.br\/portal\/wp-content\/uploads\/2017\/07\/Prefeito-Paulo-Almeida-e-ex-vereador-Andr\u00e9-do-Laborat\u00f3rio-em-reuni\u00e3o-com-o-Dep.-Federal-Marcos-Montes-747x420.jpg"},"full":{"file":"Prefeito-Paulo-Almeida-e-ex-vereador-Andr\u00e9-do-Laborat\u00f3rio-em-reuni\u00e3o-com-o-Dep.-Federal-Marcos-Montes-scaled.jpg","width":2560,"height":1440,"mime_type":"image\/jpeg","source_url":"http:\/\/www.camposaltos.mg.gov.br\/portal\/wp-content\/uploads\/2017\/07\/Prefeito-Paulo-Almeida-e-ex-vereador-Andr\u00e9-do-Laborat\u00f3rio-em-reuni\u00e3o-com-o-Dep.-Federal-Marcos-Montes-scaled.jpg"}},"image_meta":{"aperture":"2","credit":"","camera":"Moto G Play","caption":"","created_timestamp":"1498211365","copyright":"","focal_length":"3.59","iso":"400","shutter_speed":"0.03333","title":"","orientation":"0","keywords":[]},"original_image":"Prefeito-Paulo-Almeida-e-ex-vereador-Andr\u00e9-do-Laborat\u00f3rio-em-reuni\u00e3o-com-o-Dep.-Federal-Marcos-Montes.jpg"},"post":null,"source_url":"http:\/\/www.camposaltos.mg.gov.br\/portal\/wp-content\/uploads\/2017\/07\/Prefeito-Paulo-Almeida-e-ex-vereador-Andr\u00e9-do-Laborat\u00f3rio-em-reuni\u00e3o-com-o-Dep.-Federal-Marcos-Montes-scaled.jpg","_links":{"self":[{"href":"http:\/\/www.camposaltos.mg.gov.br\/portal\/wp-json\/wp\/v2\/media\/1586","targetHints":{"allow":["GET"]}}],"collection":[{"href":"http:\/\/www.camposaltos.mg.gov.br\/portal\/wp-json\/wp\/v2\/media"}],"about":[{"href":"http:\/\/www.camposaltos.mg.gov.br\/portal\/wp-json\/wp\/v2\/types\/attachment"}],"author":[{"embeddable":true,"href":"http:\/\/www.camposaltos.mg.gov.br\/portal\/wp-json\/wp\/v2\/users\/1"}],"replies":[{"embeddable":true,"href":"http:\/\/www.camposaltos.mg.gov.br\/portal\/wp-json\/wp\/v2\/comments?post=1586"}],"wp:term":[{"taxonomy":"media_folder","embeddable":true,"href":"http:\/\/www.camposaltos.mg.gov.br\/portal\/wp-json\/wp\/v2\/media_folder?post=1586"}],"curies":[{"name":"wp","href":"https:\/\/api.w.org\/{rel}","templated":true}]}}