{"id":2680,"date":"2018-06-27T17:22:08","date_gmt":"2018-06-27T17:22:08","guid":{"rendered":"http:\/\/www.camposaltos.mg.gov.br\/portal\/?page_id=2680"},"modified":"2018-06-27T17:24:05","modified_gmt":"2018-06-27T17:24:05","slug":"leis-em-vigor-2017","status":"publish","type":"page","link":"http:\/\/www.camposaltos.mg.gov.br\/portal\/leis-em-vigor-2017\/","title":{"rendered":"Leis em vigor 2017"},"content":{"rendered":"<p>&nbsp;<\/p>\n\n<table id=\"tablepress-3\" class=\"tablepress tablepress-id-3 tablepress-responsive\">\n<thead>\n<tr class=\"row-1\">\n\t<th class=\"column-1\">Leis <\/th><th class=\"column-2\">Descri\u00e7\u00e3o<\/th><th class=\"column-3\">Arquivos <\/th>\n<\/tr>\n<\/thead>\n<tbody class=\"row-striping row-hover\">\n<tr class=\"row-2\">\n\t<td class=\"column-1\">736\/2017<\/td><td class=\"column-2\">Disp\u00f5e sobre altera\u00e7\u00f5es de valores dos plant\u00f5es no Pronto Atendimento, e d\u00e1 outras provid\u00eancias.<\/td><td class=\"column-3\"><a href=\"http:\/\/www.camposaltos.mg.gov.br\/portal\/Leis\/2017\/pdf\/736.pdf\" target=\"_blank\">736.pdf<\/a><\/td>\n<\/tr>\n<tr class=\"row-3\">\n\t<td class=\"column-1\">737\/2017<\/td><td class=\"column-2\">Autoriza o Munic\u00edpio a firmar conv\u00eanio com a Santa Casa e d\u00e1 outras provid\u00eancias.<\/td><td class=\"column-3\"><a href=\"http:\/\/www.camposaltos.mg.gov.br\/portal\/Leis\/2017\/pdf\/737.pdf\" target=\"_blank\">737.pdf<\/a><\/td>\n<\/tr>\n<tr class=\"row-4\">\n\t<td class=\"column-1\">738\/2017<\/td><td class=\"column-2\">Autoriza o Executivo Municipal a firmar conv\u00eanio e d\u00e1 outras provid\u00eancias.<\/td><td class=\"column-3\"><a href=\"http:\/\/www.camposaltos.mg.gov.br\/portal\/Leis\/2017\/pdf\/738.pdf\" target=\"_blank\">738.pdf<\/a><\/td>\n<\/tr>\n<tr class=\"row-5\">\n\t<td class=\"column-1\">739\/2017<\/td><td class=\"column-2\">RATIFICA O CONTRATO DE PROGRAMA FIRMADO ENTRE O CIMPLA- CONS\u00d3RCIO INTERMUNICIPAL MULTIFINALIT\u00c1RIO DO PLANALTO DE ARAX\u00c1 E O MUNICIPIO DE CAMPOS ALTOS-MG, nos termos do art. 24, inciso XV, da Lei Org\u00e2nica Municipal, e d\u00e1 outras provid\u00eancias.<\/td><td class=\"column-3\"><a href=\"http:\/\/www.camposaltos.mg.gov.br\/portal\/Leis\/2017\/pdf\/739.pdf\" target=\"_blank\">739.pdf<\/a><\/td>\n<\/tr>\n<tr class=\"row-6\">\n\t<td class=\"column-1\">740\/2017<\/td><td class=\"column-2\">Ratifica Termo de Contribui\u00e7\u00e3o firmado com a Associa\u00e7\u00e3o dos Munic\u00edpios da Micro Regi\u00e3o do Planalto de Arax\u00e1 - do AMPLA, nos termos do art. 24, inciso XV, da Lei Org\u00e2nica Municipal, e d\u00e1 outras provid\u00eancias.<\/td><td class=\"column-3\"><a href=\"http:\/\/www.camposaltos.mg.gov.br\/portal\/Leis\/2017\/pdf\/740.pdf\" target=\"_blank\">740.pdf<\/a><\/td>\n<\/tr>\n<tr class=\"row-7\">\n\t<td class=\"column-1\">741\/2017<\/td><td class=\"column-2\">Autoriza celebra\u00e7\u00e3o de Termo de Fomento com a Uni\u00e3o Estudantil de Campos Altos \u2013 UNESCA, e d\u00e1 outras provid\u00eancias.<\/td><td class=\"column-3\"><a href=\"http:\/\/www.camposaltos.mg.gov.br\/portal\/Leis\/2017\/pdf\/741.pdf\" target=\"_blank\">741.pdf<\/a><\/td>\n<\/tr>\n<tr class=\"row-8\">\n\t<td class=\"column-1\">742\/2017<\/td><td class=\"column-2\">Autoriza celebra\u00e7\u00e3o de Termo de Fomento com a Associa\u00e7\u00e3o de Pais e Amigos dos Excepcionais de Campos Altos \u2013 APAE, e d\u00e1 outras provid\u00eancias.<\/td><td class=\"column-3\"><a href=\"http:\/\/www.camposaltos.mg.gov.br\/portal\/Leis\/2017\/pdf\/742.pdf\" target=\"_blank\">742.pdf<\/a><\/td>\n<\/tr>\n<tr class=\"row-9\">\n\t<td class=\"column-1\">743\/2017<\/td><td class=\"column-2\">Autoriza celebra\u00e7\u00e3o de Termo de Fomento com a Vila Vicentina de Campos Altos - SSVP, e d\u00e1 outras provid\u00eancias.<\/td><td class=\"column-3\"><a href=\"http:\/\/www.camposaltos.mg.gov.br\/portal\/Leis\/2017\/pdf\/743.pdf\" target=\"_blank\">743.pdf<\/a><\/td>\n<\/tr>\n<tr class=\"row-10\">\n\t<td class=\"column-1\">744\/2017<\/td><td class=\"column-2\">Autoriza celebra\u00e7\u00e3o de Termo de Fomento com a<br \/>\nCorpora\u00e7\u00e3o Musical Lira Santo Ant\u00f4nio, autoriza<br \/>\nabertura de cr\u00e9dito adicional especial ao or\u00e7amento<br \/>\nde 2017 e d\u00e1 outras provid\u00eancias.<\/td><td class=\"column-3\"><a href=\"http:\/\/www.camposaltos.mg.gov.br\/portal\/Leis\/2017\/pdf\/744.pdf\" target=\"_blank\">744.pdf<\/a><\/td>\n<\/tr>\n<tr class=\"row-11\">\n\t<td class=\"column-1\">745\/2017<\/td><td class=\"column-2\">Autoriza o pagamento de d\u00e9bitos de exerc\u00edcios<br \/>\nanteriores oriundos de infra\u00e7\u00e3o a Legisla\u00e7\u00e3o de<br \/>\nTr\u00e2nsito e d\u00e1 outras provid\u00eancias.<\/td><td class=\"column-3\"><a href=\"http:\/\/www.camposaltos.mg.gov.br\/portal\/Leis\/2017\/pdf\/745.pdf\" target=\"_blank\">745.pdf<\/a><\/td>\n<\/tr>\n<tr class=\"row-12\">\n\t<td class=\"column-1\">746\/2017<\/td><td class=\"column-2\">Acrescenta o \u00a7 2\u00ba ao art. 1\u00ba da Lei Municipal 381\/2009.<\/td><td class=\"column-3\"><a href=\"http:\/\/www.camposaltos.mg.gov.br\/portal\/Leis\/2017\/pdf\/746.pdf\" target=\"_blank\">746.pdf<\/a><\/td>\n<\/tr>\n<tr class=\"row-13\">\n\t<td class=\"column-1\">747\/2017<\/td><td class=\"column-2\">Autoriza o Munic\u00edpio de Campos Altos - MG, atrav\u00e9s do Poder Executivo Municipal, a celebrar conv\u00eanio de coopera\u00e7\u00e3o com entes administrativos municipais, na forma que espec\u00edfica, para a gest\u00e3o associada de servi\u00e7os p\u00fablicos e d\u00e1 outras provid\u00eancias.<\/td><td class=\"column-3\"><a href=\"http:\/\/www.camposaltos.mg.gov.br\/portal\/Leis\/2017\/pdf\/747.pdf\" target=\"_blank\">747.pdf<\/a><\/td>\n<\/tr>\n<tr class=\"row-14\">\n\t<td class=\"column-1\">748\/2017<\/td><td class=\"column-2\">Disp\u00f5e sobre a altera\u00e7\u00e3o dos valores constantes na tabela do Art. 4\u00ba da Lei 301\/2008, que Instituiu o PROJETO \u201cCORPO E MENTE\u201d- Terceira Idade, e d\u00e1 outras provid\u00eancias.\u201d<\/td><td class=\"column-3\"><a href=\"http:\/\/www.camposaltos.mg.gov.br\/portal\/Leis\/2017\/pdf\/748.pdf\" target=\"_blank\">748.pdf<\/a><\/td>\n<\/tr>\n<tr class=\"row-15\">\n\t<td class=\"column-1\">749\/2017<\/td><td class=\"column-2\">Disp\u00f5e sobre formas de pagamento e parcelamento de cr\u00e9ditos tribut\u00e1rios e d\u00e1 outras provid\u00eancias.<\/td><td class=\"column-3\"><a href=\"http:\/\/www.camposaltos.mg.gov.br\/portal\/Leis\/2017\/pdf\/749.pdf\" target=\"_blank\">749.pdf<\/a><\/td>\n<\/tr>\n<tr class=\"row-16\">\n\t<td class=\"column-1\">750\/2017<\/td><td class=\"column-2\">Institui o Plano Municipal de Arboriza\u00e7\u00e3o Urbana.<\/td><td class=\"column-3\"><a href=\"http:\/\/www.camposaltos.mg.gov.br\/portal\/Leis\/2017\/pdf\/750.pdf\" target=\"_blank\">750.pdf<\/a><\/td>\n<\/tr>\n<tr class=\"row-17\">\n\t<td class=\"column-1\">751\/2017<\/td><td class=\"column-2\">Institui o Projeto Semeando a Esperan\u00e7a.<\/td><td class=\"column-3\"><a href=\"http:\/\/www.camposaltos.mg.gov.br\/portal\/Leis\/2017\/pdf\/751.pdf\" target=\"_blank\">751.pdf<\/a><\/td>\n<\/tr>\n<tr class=\"row-18\">\n\t<td class=\"column-1\">752\/2017<\/td><td class=\"column-2\">Declara de utilidade p\u00fablica a \u201cAssocia\u00e7\u00e3o dos Produtores e Agricultores Rurais Esperan\u00e7a Andorinhas Assentamento Santa Cec\u00edlia Munic\u00edpio de Campos Altos \u2013 MG\u201d.<\/td><td class=\"column-3\"><a href=\"http:\/\/www.camposaltos.mg.gov.br\/portal\/Leis\/2017\/pdf\/752.pdf\" target=\"_blank\">752.pdf<\/a><\/td>\n<\/tr>\n<tr class=\"row-19\">\n\t<td class=\"column-1\">753\/2017<\/td><td class=\"column-2\">Disp\u00f5e sobre desafeta\u00e7\u00e3o do bem p\u00fablico Barrac\u00e3o de Triagem de Material Recicl\u00e1vel, autoriza a concess\u00e3o de direito real de uso a HOPE \u2013 Associa\u00e7\u00e3o Protetora dos Animais e d\u00e1 outras provid\u00eancias.<\/td><td class=\"column-3\"><a href=\"http:\/\/www.camposaltos.mg.gov.br\/portal\/Leis\/2017\/pdf\/753.pdf\" target=\"_blank\">753.pdf<\/a><\/td>\n<\/tr>\n<tr class=\"row-20\">\n\t<td class=\"column-1\">754\/2017<\/td><td class=\"column-2\">Concede recomposi\u00e7\u00e3o dos vencimentos, proventos e pens\u00f5es aos servidores ativos, agentes pol\u00edticos, inativos e pensionistas da administra\u00e7\u00e3o direta, indireta, cargos comissionados e autarquia do Munic\u00edpio de Campos Altose d\u00e1 outras provid\u00eancias.<\/td><td class=\"column-3\"><a href=\"http:\/\/www.camposaltos.mg.gov.br\/portal\/Leis\/2017\/pdf\/754.pdf\" target=\"_blank\">754.pdf<\/a><\/td>\n<\/tr>\n<tr class=\"row-21\">\n\t<td class=\"column-1\">755\/2017<\/td><td class=\"column-2\">Concede REAJUSTE geral dos vencimentos, proventos e pens\u00f5es aos servidores ativos, inativos e pensionistas da administra\u00e7\u00e3o direta, indireta, cargos comissionados e autarquia do Munic\u00edpio de Campos Altose d\u00e1 outras provid\u00eancias.<\/td><td class=\"column-3\"><a href=\"http:\/\/www.camposaltos.mg.gov.br\/portal\/Leis\/2017\/pdf\/755.pdf\" target=\"_blank\">755.pdf<\/a><\/td>\n<\/tr>\n<tr class=\"row-22\">\n\t<td class=\"column-1\">756\/2017<\/td><td class=\"column-2\">Disp\u00f5e sobre a altera\u00e7\u00e3o do Artigo 31, Par\u00e1grafo 3\u00ba. da Lei Municipal 725\/2016 de 03.08.2016, Lei de Diretrizes Or\u00e7ament\u00e1rias.<\/td><td class=\"column-3\"><a href=\"http:\/\/www.camposaltos.mg.gov.br\/portal\/Leis\/2017\/pdf\/756.pdf\" target=\"_blank\">756.pdf<\/a><\/td>\n<\/tr>\n<tr class=\"row-23\">\n\t<td class=\"column-1\">757\/2017<\/td><td class=\"column-2\">Altera e d\u00e1 nova reda\u00e7\u00e3o ao art. 5\u00ba da Lei Municipal n\u00ba 732\/2016, 09 de dezembro de 2016. \u2013 Lei Or\u00e7ament\u00e1ria Anual 2017, e d\u00e1 outras provid\u00eancias.<\/td><td class=\"column-3\"><a href=\"http:\/\/www.camposaltos.mg.gov.br\/portal\/Leis\/2017\/pdf\/757.pdf\" target=\"_blank\">757.pdf<\/a><\/td>\n<\/tr>\n<tr class=\"row-24\">\n\t<td class=\"column-1\">758\/2017<\/td><td class=\"column-2\">Institui o Programa de Ado\u00e7\u00e3o de Pra\u00e7as P\u00fablicas.<\/td><td class=\"column-3\"><a href=\"http:\/\/www.camposaltos.mg.gov.br\/portal\/Leis\/2017\/pdf\/758.pdf\" target=\"_blank\">758.pdf<\/a><\/td>\n<\/tr>\n<tr class=\"row-25\">\n\t<td class=\"column-1\">759\/2017<\/td><td class=\"column-2\">ALTERA O VENCIMENTO DO CARGO \u201cAUDITOR ADMINISTRATIVO M\u00c9DICO\u201d DA SECRETARIA MUNICIPAL DE SA\u00daDE, CONTIDO NO ANEXO DA LEI MUNICIPAL N. 563\/2013 MODIFICADO PELA LEI 619\/2014 QUE \u201cDISP\u00d5E SOBRE A ESTRUTURA ORGANIZACIONAL DOS \u00d3RG\u00c3OS DA ADMINISTRA\u00c7\u00c3O DIRETA DO PODER EXECUTIVO QUE MENCIONA, DISP\u00d5E SOBRE OS CARGOS DE PROVIMENTO EM COMISS\u00c3O E D\u00c1 OUTRAS PROVID\u00caNCIAS\u201d<\/td><td class=\"column-3\"><a href=\"http:\/\/www.camposaltos.mg.gov.br\/portal\/Leis\/2017\/pdf\/759.pdf\" target=\"_blank\">759.pdf<\/a><\/td>\n<\/tr>\n<tr class=\"row-26\">\n\t<td class=\"column-1\">760\/2017<\/td><td class=\"column-2\">Ratifica o Conv\u00eanio 07\/2017, firmado entre o Munic\u00edpio de Campos Altos-MG e Associa\u00e7\u00e3o dos Munic\u00edpios da Micro Regi\u00e3o do Planalto de Arax\u00e1 - da AMPLA, nos termos do art. 24, inciso XV, da Lei Org\u00e2nica Municipal, e d\u00e1 outras provid\u00eancias.<\/td><td class=\"column-3\"><a href=\"http:\/\/www.camposaltos.mg.gov.br\/portal\/Leis\/2017\/pdf\/760.pdf\" target=\"_blank\">760.pdf<\/a><\/td>\n<\/tr>\n<tr class=\"row-27\">\n\t<td class=\"column-1\">761\/2017<\/td><td class=\"column-2\">AUTORIZA O PODER EXECUTIVO A AFILIAR-SE E CONTRIBUIR MENSALMENTE COM A ASSOCIA\u00c7\u00c3O BRASILEIRA DE OUVIDORES \/ OMBUDSMAN, SE\u00c7\u00c3O MINAS GERAIS \u2013 ABO\/MG.<\/td><td class=\"column-3\"><a href=\"http:\/\/www.camposaltos.mg.gov.br\/portal\/Leis\/2017\/pdf\/761.pdf\" target=\"_blank\">761.pdf<\/a><\/td>\n<\/tr>\n<tr class=\"row-28\">\n\t<td class=\"column-1\">762\/2017<\/td><td class=\"column-2\">Disp\u00f5e sobre a recomposi\u00e7\u00e3o anual dos subs\u00eddios dos agentes pol\u00edticos da C\u00e2mara Municipal de Campos Altos.<\/td><td class=\"column-3\"><a href=\"http:\/\/www.camposaltos.mg.gov.br\/portal\/Leis\/2017\/pdf\/762.pdf\" target=\"_blank\">762.pdf<\/a><\/td>\n<\/tr>\n<tr class=\"row-29\">\n\t<td class=\"column-1\">763\/2017<\/td><td class=\"column-2\">Disp\u00f5e sobre a limpeza e conserva\u00e7\u00e3o de im\u00f3veis urbanos.<\/td><td class=\"column-3\"><a href=\"http:\/\/www.camposaltos.mg.gov.br\/portal\/Leis\/2017\/pdf\/763.pdf\" target=\"_blank\">763.pdf<\/a><\/td>\n<\/tr>\n<tr class=\"row-30\">\n\t<td class=\"column-1\">764\/2017<\/td><td class=\"column-2\">Disp\u00f5e sobre o reparcelamento e parcelamento de d\u00e9bitos do Munic\u00edpio de Campos Altos com seu Regime Pr\u00f3prio de Previd\u00eancia Social \u2013 RPPS.<\/td><td class=\"column-3\"><a href=\"http:\/\/www.camposaltos.mg.gov.br\/portal\/Leis\/2017\/pdf\/764.pdf\" target=\"_blank\">764.pdf<\/a><\/td>\n<\/tr>\n<tr class=\"row-31\">\n\t<td class=\"column-1\">765\/2017<\/td><td class=\"column-2\">Disp\u00f5e sobre abertura de cr\u00e9dito adicional especial e d\u00e1 outras providencias.<\/td><td class=\"column-3\"><a href=\"http:\/\/www.camposaltos.mg.gov.br\/portal\/Leis\/2017\/pdf\/765.pdf\" target=\"_blank\">765.pdf<\/a><\/td>\n<\/tr>\n<tr class=\"row-32\">\n\t<td class=\"column-1\">766\/2017<\/td><td class=\"column-2\">Disp\u00f5e sobre as diretrizes para elabora\u00e7\u00e3o e execu\u00e7\u00e3o da Lei Or\u00e7ament\u00e1ria de 2018, e d\u00e1 outras provid\u00eancias.<\/td><td class=\"column-3\"><a href=\"http:\/\/www.camposaltos.mg.gov.br\/portal\/Leis\/2017\/pdf\/766.pdf\" target=\"_blank\">766.pdf<\/a><\/td>\n<\/tr>\n<tr class=\"row-33\">\n\t<td class=\"column-1\">767\/2017<\/td><td class=\"column-2\">DISP\u00d5E SOBRE APROVA\u00c7\u00c3O DO LOTEAMENTO DENOMINADO \u201cEUG\u00caNIO LUIZ\u201d, NO PER\u00cdMETRO URBANO DO MUNIC\u00cdPIO DE CAMPOS ALTOS \u2013 MG REVOGA AS LEIS 559\/2013 E 567\/2013 E D\u00c1 OUTRAS PROVID\u00caNCIAS.<\/td><td class=\"column-3\"><a href=\"http:\/\/www.camposaltos.mg.gov.br\/portal\/Leis\/2017\/pdf\/767.pdf\" target=\"_blank\">767.pdf<\/a><\/td>\n<\/tr>\n<tr class=\"row-34\">\n\t<td class=\"column-1\">768\/2017<\/td><td class=\"column-2\">Disp\u00f5e sobre a denomina\u00e7\u00e3o de logradouro p\u00fablico.<\/td><td class=\"column-3\"><a href=\"http:\/\/www.camposaltos.mg.gov.br\/portal\/Leis\/2017\/pdf\/768.pdf\" target=\"_blank\">768.pdf<\/a><\/td>\n<\/tr>\n<tr class=\"row-35\">\n\t<td class=\"column-1\">769\/2017<\/td><td class=\"column-2\">Disp\u00f5e sobre a denomina\u00e7\u00e3o de logradouro p\u00fablico.<\/td><td class=\"column-3\"><a href=\"http:\/\/www.camposaltos.mg.gov.br\/portal\/Leis\/2017\/pdf\/769.pdf\" target=\"_blank\">769.pdf<\/a><\/td>\n<\/tr>\n<tr class=\"row-36\">\n\t<td class=\"column-1\">770\/2017<\/td><td class=\"column-2\">Disp\u00f5e sobre a finalidade do loteamento Campos Verdes.<\/td><td class=\"column-3\"><a href=\"http:\/\/www.camposaltos.mg.gov.br\/portal\/Leis\/2017\/pdf\/770.pdf\" target=\"_blank\">770.pdf<\/a><\/td>\n<\/tr>\n<tr class=\"row-37\">\n\t<td class=\"column-1\">771\/2017<\/td><td class=\"column-2\">AUTORIZA O PODER EXECUTIVO A CONTRAIR FINANCIAMENTO JUNTO AO BANCO INTERNACIONAL PARA RECONSTRU\u00c7\u00c3O E DESENVOLVIMENTO - BIRD E D\u00c1 OUTRAS PROVID\u00caNCIAS.<\/td><td class=\"column-3\"><a href=\"http:\/\/www.camposaltos.mg.gov.br\/portal\/Leis\/2017\/pdf\/771.pdf\" target=\"_blank\">771.pdf<\/a><\/td>\n<\/tr>\n<tr class=\"row-38\">\n\t<td class=\"column-1\">772\/2017<\/td><td class=\"column-2\">Institui o Plano Plurianual do Munic\u00edpio de Campos Altos para o per\u00edodo 2018-2021.<\/td><td class=\"column-3\"><a href=\"http:\/\/www.camposaltos.mg.gov.br\/portal\/Leis\/2017\/pdf\/772.pdf\" target=\"_blank\">772.pdf<\/a><\/td>\n<\/tr>\n<tr class=\"row-39\">\n\t<td class=\"column-1\">773\/2017<\/td><td class=\"column-2\">\u201cEstima as receitas e fixa as despesas do Or\u00e7amento Fiscal do Munic\u00edpio de Campos Altos para o exerc\u00edcio de 2018\u201d.<\/td><td class=\"column-3\"><a href=\"http:\/\/www.camposaltos.mg.gov.br\/portal\/Leis\/2017\/pdf\/773.pdf\" target=\"_blank\">773.pdf<\/a><\/td>\n<\/tr>\n<tr class=\"row-40\">\n\t<td class=\"column-1\">774\/2017<\/td><td class=\"column-2\">CRIA O CONSELHO MUNICIPAL DE ESPORTES E D\u00c1 OUTRAS PROVID\u00caNCIAS.<\/td><td class=\"column-3\"><a href=\"http:\/\/www.camposaltos.mg.gov.br\/portal\/Leis\/2017\/pdf\/774.pdf\" target=\"_blank\">774.pdf<\/a><\/td>\n<\/tr>\n<tr class=\"row-41\">\n\t<td class=\"column-1\">775\/2017<\/td><td class=\"column-2\">CONCEDE ABONO PECUNI\u00c1RIO AOS PROFISSIONAIS DA EDUCA\u00c7\u00c3O B\u00c1SICA DA REDE MUNICIPAL DE ENSINO QUE SE ENCONTRAM NO EXERC\u00cdCIO DA DOC\u00caNCIA E DE APOIO \u00c0 DOC\u00caNCIA, NA FORMA QUE ESPECIFICA, E D\u00c1 OUTRAS PROVID\u00caNCIAS.<\/td><td class=\"column-3\"><a href=\"http:\/\/www.camposaltos.mg.gov.br\/portal\/Leis\/2017\/pdf\/775.pdf\" target=\"_blank\">775.pdf<\/a><\/td>\n<\/tr>\n<tr class=\"row-42\">\n\t<td class=\"column-1\">776\/2017<\/td><td class=\"column-2\">Disp\u00f5e sobe a abertura de Cr\u00e9ditos Adicionais Suplementares<\/td><td class=\"column-3\"><a href=\"http:\/\/www.camposaltos.mg.gov.br\/portal\/Leis\/2017\/pdf\/776.pdf\" target=\"_blank\">776.pdf<\/a><\/td>\n<\/tr>\n<tr class=\"row-43\">\n\t<td class=\"column-1\">777\/2017<\/td><td class=\"column-2\">Autoriza o Poder Executivo Municipal a doar im\u00f3vel ao Estado de Minas Gerais, para uso do Tribunal de Justi\u00e7a do Estado de Minas Gerais, Mediante Interesse Publico e d\u00e1 outras Provid\u00eancias.<\/td><td class=\"column-3\"><a href=\"http:\/\/www.camposaltos.mg.gov.br\/portal\/Leis\/2017\/pdf\/777.pdf\" target=\"_blank\">777.pdf<\/a><\/td>\n<\/tr>\n<tr class=\"row-44\">\n\t<td class=\"column-1\">778\/2017<\/td><td class=\"column-2\">Autoriza celebra\u00e7\u00e3o de Termo de Fomento com as entidades e associa\u00e7\u00f5es especificadas, e d\u00e1 outras provid\u00eancias<\/td><td class=\"column-3\"><a href=\"http:\/\/www.camposaltos.mg.gov.br\/portal\/Leis\/2017\/pdf\/778.pdf\" target=\"_blank\">778.pdf<\/a><\/td>\n<\/tr>\n<tr class=\"row-45\">\n\t<td class=\"column-1\">779\/2017<\/td><td class=\"column-2\">Autoriza celebra\u00e7\u00e3o de conv\u00eanio com a Santa Casa de Miseric\u00f3rdia de Campos Altos, e d\u00e1 outras provid\u00eancias.<\/td><td class=\"column-3\"><a href=\"http:\/\/www.camposaltos.mg.gov.br\/portal\/Leis\/2017\/pdf\/779.pdf\" target=\"_blank\">779.pdf<\/a><\/td>\n<\/tr>\n<tr class=\"row-46\">\n\t<td class=\"column-1\">Lei completmentar 001\/2017<\/td><td class=\"column-2\">Disp\u00f5e sobre lei Complementar do Imposto Sobre Servi\u00e7os de Qualquer Natureza, de compet\u00eancia do Munic\u00edpio de Campos Altos e da outras providencias.<\/td><td class=\"column-3\"><a href=\"http:\/\/www.camposaltos.mg.gov.br\/portal\/Leis\/2017\/pdf\/001.pdf\" target=\"_blank\">001.pdf<\/a><\/td>\n<\/tr>\n<tr class=\"row-47\">\n\t<td class=\"column-1\">Anexo<\/td><td class=\"column-2\">ANEXO I<br \/>\nSUPLEMENTAR:<\/td><td class=\"column-3\"><a href=\"http:\/\/www.camposaltos.mg.gov.br\/portal\/Leis\/2017\/pdf\/anexo.pdf\" target=\"_blank\">Anexo.pdf<\/a><\/td>\n<\/tr>\n<\/tbody>\n<\/table>\n<!-- #tablepress-3 from cache -->\n","protected":false},"excerpt":{"rendered":"<p>&nbsp;<\/p>","protected":false},"author":1,"featured_media":0,"parent":0,"menu_order":0,"comment_status":"closed","ping_status":"closed","template":"","meta":{"tdm_status":"","tdm_grid_status":"","footnotes":""},"folder":[],"class_list":["post-2680","page","type-page","status-publish"],"amp_enabled":true,"_links":{"self":[{"href":"http:\/\/www.camposaltos.mg.gov.br\/portal\/wp-json\/wp\/v2\/pages\/2680","targetHints":{"allow":["GET"]}}],"collection":[{"href":"http:\/\/www.camposaltos.mg.gov.br\/portal\/wp-json\/wp\/v2\/pages"}],"about":[{"href":"http:\/\/www.camposaltos.mg.gov.br\/portal\/wp-json\/wp\/v2\/types\/page"}],"author":[{"embeddable":true,"href":"http:\/\/www.camposaltos.mg.gov.br\/portal\/wp-json\/wp\/v2\/users\/1"}],"replies":[{"embeddable":true,"href":"http:\/\/www.camposaltos.mg.gov.br\/portal\/wp-json\/wp\/v2\/comments?post=2680"}],"version-history":[{"count":0,"href":"http:\/\/www.camposaltos.mg.gov.br\/portal\/wp-json\/wp\/v2\/pages\/2680\/revisions"}],"wp:attachment":[{"href":"http:\/\/www.camposaltos.mg.gov.br\/portal\/wp-json\/wp\/v2\/media?parent=2680"}],"wp:term":[{"taxonomy":"folder","embeddable":true,"href":"http:\/\/www.camposaltos.mg.gov.br\/portal\/wp-json\/wp\/v2\/folder?post=2680"}],"curies":[{"name":"wp","href":"https:\/\/api.w.org\/{rel}","templated":true}]}}