{"id":275,"date":"2015-12-31T12:44:38","date_gmt":"2015-12-31T12:44:38","guid":{"rendered":"http:\/\/www.camposaltos.mg.gov.br\/portal\/?page_id=275"},"modified":"2015-12-31T12:49:26","modified_gmt":"2015-12-31T12:49:26","slug":"santuario-nossa-senhora-aparecida","status":"publish","type":"page","link":"http:\/\/www.camposaltos.mg.gov.br\/portal\/santuario-nossa-senhora-aparecida\/","title":{"rendered":"Santu\u00e1rio Nossa Senhora Aparecida"},"content":{"rendered":"<p><img loading=\"lazy\" decoding=\"async\" class=\"alignleft\" src=\"http:\/\/www.camposaltos.mg.gov.br\/old\/img_noticias\/sant.jpg\" alt=\"\" width=\"321\" height=\"212\" border=\"0\" \/>Santu\u00e1rio de Nossa Senhora Aparecida Acervo: Casa Paroquial Paroquia Santa Terezinha<\/p>\n<p style=\"text-align: right;\">O Santu\u00e1rio de Nossa Senhora Aparecida, situado no cume de um morro na cidade de Campos Altos, cerca de 1.200 metros acima do n\u00edvel do mar, \u00e9 hoje um dos maiores focos do turismo religioso em toda regi\u00e3o do Tri\u00e2ngulo Mineiro e Alto Parana\u00edba.<\/p>\n<p>\u00a0 \u00a0 \u00a0 \u00a0O complexo religioso \u00e9 constitu\u00eddo por tr\u00eas templos, com seus respectivos bens m\u00f3veis e integrados dedicados \u00e0 santa, estacionamento e edifica\u00e7\u00f5es de apoio para receber os devotos.<\/p>\n<p align=\"justify\">\u00a0\u00a0\u00a0\u00a0\u00a0\u00a0Inicialmente foi erguida em 1951, uma capelinha de 6m\u00b2, pelo Sr. Francisco Sebasti\u00e3o Ferreira, conhecido como \u201cChico Raimundo\u201d por alcan\u00e7ar uma gra\u00e7a que transformou sua vida. A escolha do local para constru\u00e7\u00e3o da capela, foi sugest\u00e3o do p\u00e1roco da \u00e9poca, Pe Rui Nunes Vale, para que Nossa Senhora Aparecida pudesse aben\u00e7oar toda a cidade. Em 1966, Mariano Pereira Dias, zelador da capelinha, com ajuda de v\u00e1rios campos-altenses, construiu outro templo ao lado da primeira ermida.<\/p>\n<p align=\"justify\">\u00a0\u00a0\u00a0\u00a0\u00a0\u00a0 \u00c9 uma igreja de dois pavimentos revestida em pedras de m\u00e1rmore, na parte superior encontra-se a capela propriamente dita com a imagem de N. S. Aparecida exposta no altar-mor onde recebe os pedidos e ora\u00e7\u00f5es, no t\u00e9rreo localiza-se a sala de ex-votos. Ao longo das d\u00e9cadas os dois primeiros templos tornaram-se pequenos para receber os devotos, ent\u00e3o no in\u00edcio da d\u00e9cada de 1990, a par\u00f3quia de Santa Teresinha do Menino Jesus construiu uma igreja maior com capacidade para receber centenas de fi\u00e9is, al\u00e9m de banheiros, bebedouros, reservat\u00f3rios de \u00e1gua, amplo estacionamento, lanchonete, restaurante.<\/p>\n<p align=\"justify\">\u00a0\u00a0\u00a0\u00a0\u00a0\u00a0A partir de janeiro de 2010 duas novas esculturas comp\u00f5em o conjunto religioso, s\u00e3o as imagens de N. S. Aparecida (15,5m) e N. S. das Gra\u00e7as (4,0m), fabricadas na cidade de Trindade, no estado de Goi\u00e1s. A primeira foi doada por Chico Raimundo, instalada em frente \u00e0 Capelinha e a segunda comprada pelo Pe. Jorge Maria Corr\u00eaa, fixada na entrada do Santu\u00e1rio.<\/p>\n<p align=\"justify\">\u00a0\u00a0\u00a0\u00a0\u00a0\u00a0Devido \u00e0 grande peregrina\u00e7\u00e3o e venera\u00e7\u00e3o a Nossa Senhora Aparecida que acontece no local, em 16 de julho de 1998, a Diocese de Luz institui legalmente o\u00a0<strong><em>Santu\u00e1rio Diocesano Nossa Senhora da Concei\u00e7\u00e3o Aparecida de Campos Altos.\u00a0<\/em><\/strong>Com o estabelecimento jur\u00eddico, as pessoas passaram a denomin\u00e1-lo como \u201c\u00a0<em>Segundo Santu\u00e1rio de Nossa Senhora Aparecida\u201d,\u00a0<\/em>para divergir do j\u00e1 existente na cidade de Aparecida, em S\u00e3o Paulo.<\/p>\n<p align=\"justify\">\u00a0\u00a0\u00a0\u00a0\u00a0\u00a0Na festa de Nossa Senhora Aparecida que ocorre entre os dias 09 e 12 de outubro, cerca de 40 a 50 mil romeiros vindos de v\u00e1rias cidades como Luz, C\u00f3rrego Danta, Bambu\u00ed, Arax\u00e1, Ibi\u00e1, Uberl\u00e2ndia, Uberaba, dentre outras, visitam o Santu\u00e1rio. A programa\u00e7\u00e3o do evento \u00e9 constitu\u00edda por novenas, realiza\u00e7\u00e3o de missas, carreata, prociss\u00e3o a p\u00e9, a cavalo, confiss\u00f5es, leil\u00f5es, batizados, shows pirot\u00e9cnicos. Sendo que no dia 12 a celebra\u00e7\u00e3o de missas \u00e9 de hora em hora (05:00h \u00e0s 18:00h) com b\u00ean\u00e7\u00e3o especial para devotos, romeiros, cavaleiros, motoqueiros, caminhoneiros. Durante os dias festivos diversos vendedores ambulantes de Bras\u00edlia, S\u00e3o Paulo, etc, montam suas barracas no p\u00e1tio e comercializam comidas, bebidas, artigos religiosos.<\/p>\n<p align=\"justify\">\u00a0\u00a0\u00a0\u00a0\u00a0\u00a0Na atualidade, o Santu\u00e1rio de Nossa Senhora Aparecida \u00e9 o principal polo religioso cat\u00f3lico, bem como ponto tur\u00edstico e mirante do munic\u00edpio de Campos Altos. Constitui-se como um dos elementos concretos e simb\u00f3licos mais significativos da identidade dos campos altenses. O tombamento desse patrim\u00f4nio cultural \u00e9 uma a\u00e7\u00e3o pertinente para proteg\u00ea-lo, permitindo sua presen\u00e7a na perspectiva das gera\u00e7\u00f5es futuras.<\/p>\n<table border=\"0\" width=\"200\" cellpadding=\"10\" align=\"center\">\n<tbody>\n<tr>\n<td>\n<div align=\"center\">\n<p><img loading=\"lazy\" decoding=\"async\" src=\"http:\/\/www.camposaltos.mg.gov.br\/old\/img_noticias\/sant1.jpg\" alt=\"\" width=\"212\" height=\"158\" border=\"0\" \/><\/p>\n<p>Santu\u00e1rio de Nossa Senhora Aparecida Fotografia: Floriana Gaspar\/2010<\/p>\n<p>&nbsp;<\/p>\n<\/div>\n<\/td>\n<td>\n<div align=\"center\">\n<p><img loading=\"lazy\" decoding=\"async\" src=\"http:\/\/www.camposaltos.mg.gov.br\/old\/img_noticias\/sant2.jpg\" alt=\"\" width=\"212\" height=\"159\" border=\"0\" \/><\/p>\n<p>Santu\u00e1rio de Nossa Senhora AparecidaFotografia:<\/p>\n<p>Floriana Gaspar\/2010<\/p>\n<\/div>\n<\/td>\n<\/tr>\n<\/tbody>\n<\/table>\n<p align=\"center\"><img loading=\"lazy\" decoding=\"async\" src=\"http:\/\/www.camposaltos.mg.gov.br\/old\/img_noticias\/mapa2.jpg\" alt=\"\" width=\"470\" height=\"493\" border=\"0\" \/><\/p>\n<p align=\"center\">Localiza\u00e7\u00e3o do Santu\u00e1rio de Nossa Senhora Aparecida<\/p>\n<p align=\"justify\"><span class=\"ano\"><strong>Email:<\/strong>\u00a0<\/span><a href=\"mailto:cultura@camposaltos.mg.gov.br\"><u>cultura@camposaltos.mg.gov.br<\/u><\/a><\/p>\n<p><span class=\"ano\"><strong>Telefone:<\/strong>\u00a0<\/span>(37) 3426-9166<\/p>\n","protected":false},"excerpt":{"rendered":"<p>Santu\u00e1rio de Nossa Senhora Aparecida Acervo: Casa Paroquial Paroquia Santa Terezinha O Santu\u00e1rio de Nossa Senhora Aparecida, situado no cume de um morro na cidade de Campos Altos, cerca de 1.200 metros acima do n\u00edvel do mar, \u00e9 hoje um dos maiores focos do turismo religioso em toda regi\u00e3o do Tri\u00e2ngulo Mineiro e Alto Parana\u00edba.&hellip;<\/p>","protected":false},"author":1,"featured_media":0,"parent":0,"menu_order":0,"comment_status":"closed","ping_status":"closed","template":"","meta":{"tdm_status":"","tdm_grid_status":"","footnotes":""},"folder":[],"class_list":["post-275","page","type-page","status-publish"],"amp_enabled":true,"_links":{"self":[{"href":"http:\/\/www.camposaltos.mg.gov.br\/portal\/wp-json\/wp\/v2\/pages\/275","targetHints":{"allow":["GET"]}}],"collection":[{"href":"http:\/\/www.camposaltos.mg.gov.br\/portal\/wp-json\/wp\/v2\/pages"}],"about":[{"href":"http:\/\/www.camposaltos.mg.gov.br\/portal\/wp-json\/wp\/v2\/types\/page"}],"author":[{"embeddable":true,"href":"http:\/\/www.camposaltos.mg.gov.br\/portal\/wp-json\/wp\/v2\/users\/1"}],"replies":[{"embeddable":true,"href":"http:\/\/www.camposaltos.mg.gov.br\/portal\/wp-json\/wp\/v2\/comments?post=275"}],"version-history":[{"count":0,"href":"http:\/\/www.camposaltos.mg.gov.br\/portal\/wp-json\/wp\/v2\/pages\/275\/revisions"}],"wp:attachment":[{"href":"http:\/\/www.camposaltos.mg.gov.br\/portal\/wp-json\/wp\/v2\/media?parent=275"}],"wp:term":[{"taxonomy":"folder","embeddable":true,"href":"http:\/\/www.camposaltos.mg.gov.br\/portal\/wp-json\/wp\/v2\/folder?post=275"}],"curies":[{"name":"wp","href":"https:\/\/api.w.org\/{rel}","templated":true}]}}