{"id":547,"date":"2016-01-02T04:56:50","date_gmt":"2016-01-02T04:56:50","guid":{"rendered":"http:\/\/www.camposaltos.mg.gov.br\/portal\/?page_id=547"},"modified":"2016-01-02T05:01:19","modified_gmt":"2016-01-02T05:01:19","slug":"2o-santuario-de-nossa-senhora-aparecida-do-brasil","status":"publish","type":"page","link":"http:\/\/www.camposaltos.mg.gov.br\/portal\/2o-santuario-de-nossa-senhora-aparecida-do-brasil\/","title":{"rendered":"2\u00ba Santu\u00e1rio de Nossa Senhora Aparecida do Brasil"},"content":{"rendered":"<p>O Santu\u00e1rio de Nossa Senhora Aparecida situado a mais de 1200 metros de altitude, no alto de um morro na cidade de Campos Altos \u00e9 hoje um dos maiores focos do turismo religioso em toda regi\u00e3o do Tri\u00e2ngulo Mineiro e Alto Parana\u00edba.<\/p>\n<p align=\"justify\">\u00a0<span class=\"style20\">\u00a0\u00a0\u00a0\u00a0\u00a0<\/span>O complexo religioso \u00e9 constitu\u00eddo por tr\u00eas templos dedicados a padroeira do Brasil, uma escultura de N. S. Aparecida (15,5m) e uma imagem de N. S. das Gra\u00e7as (4,0m), assim como outras edifica\u00e7\u00f5es de servi\u00e7os destinadas a receber os romeiros. Inicialmente foi erguida em 1951, uma capelinha de 6m\u00b2, pelo Sr. Francisco Sebasti\u00e3o Ferreira, conhecido como \u201cChico Raimundo\u201d por alcan\u00e7ar uma gra\u00e7a que transformou sua vida.<\/p>\n<p align=\"justify\">\u00a0\u00a0\u00a0\u00a0\u00a0\u00a0\u00a0A escolha do local para constru\u00e7\u00e3o da capela, um dos pontos mais altos do munic\u00edpio, foi sugest\u00e3o do p\u00e1roco da \u00e9poca, Pe Rui Nunes Vale, para que Nossa Senhora Aparecida pudesse aben\u00e7oar toda a cidade.<\/p>\n<p align=\"justify\">\u00a0\u00a0\u00a0\u00a0\u00a0\u00a0\u00a0Em 1966, Mariano Pereira Dias, zelador da capelinha, com ajuda de outros campos-altenses constru\u00edram outro templo ao lado da primeira ermida. \u00c9 uma igreja de dois pavimentos revestida com pedras de m\u00e1rmore, na parte superior encontra-se a capela propriamente dita com a imagem de N. S. Aparecida exposta no altar-mor onde recebe os votos e ora\u00e7\u00f5es, no t\u00e9rreo localiza-se a sala de ex-votos.<\/p>\n<p align=\"justify\">\u00a0\u00a0\u00a0\u00a0\u00a0\u00a0\u00a0Ao longo das d\u00e9cadas os dois primeiros templos tornaram-se pequenos para receber os devotos ent\u00e3o na d\u00e9cada de 1990 foi constru\u00eddo uma igreja maior com capacidade para receber centenas de fi\u00e9is, al\u00e9m de banheiros, bebedouros, reservat\u00f3rios de \u00e1gua, amplo estacionamento, lanchonete, restaurantes, pelo p\u00e1roco, Pe. Jorge Correia.<\/p>\n<p align=\"justify\">\u00a0\u00a0\u00a0\u00a0\u00a0\u00a0\u00a0A partir de janeiro de 2010 duas novas esculturas comp\u00f5em o Santu\u00e1rio, s\u00e3o as imagens de N. S. Aparecida (15,5m) e N. S. das Gra\u00e7as (4,0m), fabricadas na cidade de Goi\u00e2nia. A primeira foi doada por Chico Raimundo e a segunda comprada pelo Reitor do Santu\u00e1rio N. S. Aparecida, Pe. Jorge Maria Corr\u00eaa.<\/p>\n<p align=\"justify\">\u00a0\u00a0\u00a0\u00a0 Devido \u00e0 grande peregrina\u00e7\u00e3o e venera\u00e7\u00e3o a Nossa Senhora Aparecida que acontece no Santu\u00e1rio, em 16 de julho de 1998, a Diocese de Luz reconheceu e intitulou o complexo religioso como <strong><em>Santu\u00e1rio Diocesano Nossa Senhora da Concei\u00e7\u00e3o Aparecida.<\/em><\/strong><\/p>\n<p class=\"style20\" align=\"justify\">\u00a0\u00a0\u00a0\u00a0\u00a0<span class=\"style241\">No dia 12 de outubro milhares de devotos de Nossa Senhora Aparecida viajam centenas de quil\u00f4metros chegam a Campos Altos para agradecer as b\u00ean\u00e7\u00e3os que conseguiram por interm\u00e9dio da santa.<\/span><\/p>\n<p class=\"style20\" align=\"justify\"><img decoding=\"async\" class=\"ngg_displayed_gallery mceItem\" src=\"http:\/\/www.camposaltos.mg.gov.br\/portal\/nextgen-attach_to_post\/preview\/id--548\" alt=\"\" data-mce-placeholder=\"1\" \/><\/p>\n","protected":false},"excerpt":{"rendered":"<p>O Santu\u00e1rio de Nossa Senhora Aparecida situado a mais de 1200 metros de altitude, no alto de um morro na cidade de Campos Altos \u00e9 hoje um dos maiores focos do turismo religioso em toda regi\u00e3o do Tri\u00e2ngulo Mineiro e Alto Parana\u00edba. \u00a0\u00a0\u00a0\u00a0\u00a0\u00a0O complexo religioso \u00e9 constitu\u00eddo por tr\u00eas templos dedicados a padroeira do Brasil,&hellip;<\/p>","protected":false},"author":1,"featured_media":0,"parent":0,"menu_order":0,"comment_status":"closed","ping_status":"closed","template":"","meta":{"tdm_status":"","tdm_grid_status":"","footnotes":""},"folder":[],"class_list":["post-547","page","type-page","status-publish"],"amp_enabled":true,"_links":{"self":[{"href":"http:\/\/www.camposaltos.mg.gov.br\/portal\/wp-json\/wp\/v2\/pages\/547","targetHints":{"allow":["GET"]}}],"collection":[{"href":"http:\/\/www.camposaltos.mg.gov.br\/portal\/wp-json\/wp\/v2\/pages"}],"about":[{"href":"http:\/\/www.camposaltos.mg.gov.br\/portal\/wp-json\/wp\/v2\/types\/page"}],"author":[{"embeddable":true,"href":"http:\/\/www.camposaltos.mg.gov.br\/portal\/wp-json\/wp\/v2\/users\/1"}],"replies":[{"embeddable":true,"href":"http:\/\/www.camposaltos.mg.gov.br\/portal\/wp-json\/wp\/v2\/comments?post=547"}],"version-history":[{"count":0,"href":"http:\/\/www.camposaltos.mg.gov.br\/portal\/wp-json\/wp\/v2\/pages\/547\/revisions"}],"wp:attachment":[{"href":"http:\/\/www.camposaltos.mg.gov.br\/portal\/wp-json\/wp\/v2\/media?parent=547"}],"wp:term":[{"taxonomy":"folder","embeddable":true,"href":"http:\/\/www.camposaltos.mg.gov.br\/portal\/wp-json\/wp\/v2\/folder?post=547"}],"curies":[{"name":"wp","href":"https:\/\/api.w.org\/{rel}","templated":true}]}}